{"id":108,"date":"2014-05-18T15:24:51","date_gmt":"2014-05-18T15:24:51","guid":{"rendered":"http:\/\/www.pacientesatm.com\/?page_id=108"},"modified":"2014-06-01T20:23:17","modified_gmt":"2014-06-01T20:23:17","slug":"opinion","status":"publish","type":"page","link":"https:\/\/www.pacientesatm.com\/?page_id=108","title":{"rendered":"Opini\u00f3n"},"content":{"rendered":"<p>SI USTED ES PACIENTE TOME SUS DECISIONES: QUIZ\u00c1 DEBER\u00cdA EMIGRAR DE SU COMUNIDAD AUT\u00d3NOMA<\/p>\n<p>Madrid, 27 de noviembre 2012.<\/p>\n<p>Siempre me planteo en que pa\u00eds estamos viviendo \u00f3 mejor dicho en que 17 pa\u00edses vivimos. Tan diferentes todos entre s\u00ed.<\/p>\n<p>El otro d\u00eda, nuestro Presidente recibi\u00f3 una carta en el que una ciudadana norteamericana se avergonzaba de c\u00f3mo trataban nuestros pol\u00edticos espa\u00f1oles a los enfermos afectados por Esclerosis M\u00faltiple en nuestro pa\u00eds. Su carta dec\u00eda:\u00a0<strong>\u00abEn Espa\u00f1a tratan de poner la zancadilla a todos estos afectados. Qu\u00e9 verg\u00fcenza! En el nuestro tenemos muchas ayudas para esta enfermedad\u00bb<\/strong>. Se\u00f1ala su carta. La publicaremos integra.<\/p>\n<p>La sensaci\u00f3n es que en nuestro pa\u00eds, los pol\u00edticos van en contra de los m\u00e1s d\u00e9biles\u2026<\/p>\n<p>Menuda carta sincera recibimos\u2026. Actualmente, la vida de estos y otros muchos pacientes se divide en dos. Por un lado, tratan de luchar por vivir y lidian a diario con su dolor y con sus brotes. Y, por el otro, luchan contra el sistema de la Comunidad Aut\u00f3noma donde les haya tocado residir. Vamos a hablar de lo que sabemos y hemos visto con nuestro propios ojos:<\/p>\n<p>Carlos Mateo-Sagasta, madrile\u00f1o, paciente afectado por Esclerosis M\u00faltiple avanzada y progresiva. Paciente que no puede tenerse en pie ni un segundo. Cuya enfermedad ha progresado sin piedad. Necesita una sonda para sus necesidades y con grandes dificultades para tragar. En el a\u00f1o 1995, le dieron una incapacidad del 65%. Fecha en la que andaba con bast\u00f3n. Por m\u00e1s que \u00e9l ha insistido por todas las v\u00edas legales, su incapacidad nunca ha sido revisada por las autoridades madrile\u00f1as competentes.<\/p>\n<p>El pasado febrero, tras una entrevista con nosotros, le aplican la Ley de Dependencia. Tras a\u00f1os de pedirla, nadie iba a su domicilio para valorarle. Al final fueron. Y, deciden asignarle una incapacidad nivel 3 de grado 1.<\/p>\n<p>El truco para ahorrar\u2026.<\/p>\n<p>Seg\u00fan sus m\u00e9dicos de referencia \u2013que por cierto- son los l\u00edderes de opini\u00f3n en esclerosis m\u00faltiple en nuestro pa\u00eds del Hospital Cl\u00ednico de Madrid &#8211; le indican que su enfermedad ya ha progresado tanto que est\u00e1 para el nivel 3 grado 2. Pero las autoridades madrile\u00f1as no se la aplican porque as\u00ed Carlos Mateo-Sagasta tiene menos derechos. Y, por tanto, no puede acceder a una residencia\u00a0<strong>\u00abAs\u00ed se ahorran la plaza, se\u00f1ala Lourdes Mateo-Sagasta\u00bb<\/strong>, su hermana que tambi\u00e9n es cl\u00ednico y asiste asustada a la opini\u00f3n de nuestros pol\u00edticos.<\/p>\n<p><strong>\u00abLe asignan una incapacidad de nivel 3 grado 1. Y, seg\u00fan dicen sus cl\u00ednicos, su enfermedad ya est\u00e1 en un grado severamente avanzado y su estado corresponder\u00eda a un nivel 3 grado 2. Recientemente, estuvieron a punto de practicarle una traqueotom\u00eda. Pero le asignan esta categor\u00eda anterior nivel 3 grado 1, para que este paciente no pueda acceder a una residencia de la Comunidad de Madrid. Y, por tanto, suponga menor coste a nuestra Comunidad Madrile\u00f1a\u00bb<\/strong>, reitera Lourdes Mateo-Sagasta.<\/p>\n<p>As\u00ed pues, uno se plantea en qu\u00e9 pa\u00eds vive\u2026. Por no hablar de la infinidad de amigos que tenemos afectados por Artritis Reumatoide severa activa tratada con corticoides porque, evidentemente, les dicen que no hay dinero para sus medicamentos biol\u00f3gicos \u2026. Muchos pacientes se quedan sin su acceso a pesar de su indicaci\u00f3n. En breve, estos hechos ser\u00e1n motivo de otra entrevista con una paciente al que le corresponde un gran Hospital de Madrid y sufre esta situaci\u00f3n.<\/p>\n<p>No obstante, de cara a la galer\u00eda presumimos de tener una sanidad p\u00fablica. P\u00fablica que lleva ya a\u00f1os sin permitir el acceso a medicamentos a muchos pacientes. Y no vamos a hablar de los ni\u00f1os que sufren patolog\u00edas raras\u2026.. 6 a\u00f1os de media para poder acceder a un medicamento, seg\u00fan indican los estudios de FEDER.<\/p>\n<p>Objetivo Pol\u00edtico: Conseguir Funcionarios Serviles del Estado<\/p>\n<p>Una sanidad P\u00fablica donde las Asociaciones de Pacientes no reciben ni un duro. Debe ser la estrategia alternativa para que cierren. Si no existen, los pacientes no hablan. Que se lo pregunten a la Presidenta de la Asociaci\u00f3n Madrile\u00f1a de Fibrosis Qu\u00edstica \u2013que est\u00e1n viviendo de sus calendarios-. Pero las Asociaciones de Pacientes vamos a existir siempre. Porque todos terminaremos siendo pacientes. Y es que NADIE se muere de un ataque de buena salud\u2026. \u00bfVerdad?<\/p>\n<p>Ahora, los pacientes lo tienen m\u00e1s dif\u00edcil que nunca. Y m\u00e1s en nuestra Comunidad Aut\u00f3noma. Y tambi\u00e9n los m\u00e9dicos. Que tienen que luchar contra los pol\u00edticos. Recientemente, en la revista de la Organizaci\u00f3n Medica Colegial (OMC) se publicaban unas maravillosas declaraciones del Doctor Gonzalo Herranz, Profesor de \u00c9tica M\u00e9dica de la Universidad de Navarra, dec\u00eda:\u00a0<strong>\u00abLos m\u00e9dicos que no estuvieran obligados por la \u00e9tica deontol\u00f3gica, podr\u00edan llegar a convertirse en una especie de esbirros, funcionarios serviles del Estado. Lo cual me parece un grave error\u00bb<\/strong>, afirma el Doctor Herranz.<\/p>\n<p>Uno lee esta magistral frase y la intenta congeniar con el intento de derivar a un paciente al mejor cl\u00ednico -con independencia de donde ejerza- para abordar su patolog\u00eda. Y, se nos hace imposible\u2026.. Los m\u00e9dicos de gran prestigio est\u00e1n actualmente asustados por sus Gerentes.\u00a0<strong>\u00abNo nos deriv\u00e9is a ning\u00fan paciente, porque no podremos atenderles. No nos lo permiten nuestros pol\u00edticos y nos sancionan\u00bb<\/strong>, se\u00f1alan grandes cl\u00ednicos asustados. \u2026. Esto es lo que lamentablemente nos responden. Y te da que pensar\u2026.. \u00bfEn qu\u00e9 pa\u00eds vivimos \u00f3 en que 17 pa\u00edses vivimos? Se cumple la frase del Doctor Herranz\u2026.<\/p>\n<p>Recientemente, acudimos al Congreso que se celebr\u00f3 el pasado 23 de noviembre de 2012, por Fuinsa, en Madrid. All\u00ed escuchamos at\u00f3nitos como representantes pol\u00edticos de las comunidades de Catalu\u00f1a, Andaluc\u00eda y Valencia comentan que las recetas electr\u00f3nicas de estupefacientes para abordar el dolor no son compatibles en nuestras 17 Comunidades Auton\u00f3micas.\u00a0<strong>\u00abTenemos 17 modelos de recetas electr\u00f3nicas diferentes no compatibles. Si usted es de Andaluc\u00eda y acude a Valencia, no podr\u00e1 recibir su medicamento con su receta electr\u00f3nica, porque no son compatibles\u00bb<\/strong>, afirmaron dichos ponentes. Y esta frase te da que pensar\u2026. \u00bfQu\u00e9 ha hecho Sanidad con los fondos de Europa? \u00bfY ahora, se plantean ahorrar?<\/p>\n<p>VOLUNTARIOS DEL DEPARTAMENTO de Prensa Sanitaria de AEPA ATM. Env\u00edanos tus comentarios a\u00a0<a href=\"mailto:aepa@pacientesatm.com\">aepa@pacientesatm.com<\/a><\/p>\n<p><a title=\"Algunos cirujanos se cuestionan por qu\u00e9 y para qu\u00e9 existimos las Asociaciones de Pacientes\" href=\"http:\/\/www.pacientesatm.com\/?page_id=377\">2. \u00ab\u00bfPor qu\u00e9 existimos?\u00bb &#8211;\u00a0Voluntarios de AEPA ATM<\/a><\/p>\n<p><a title=\"Opini\u00f3n. Mujeres admirables\" href=\"http:\/\/www.pacientesatm.com\/?page_id=379\">3. \u00abMujeres Admirables\u00bb &#8211;\u00a0Ignacio del R\u00edo Ord\u00f3\u00f1ez<\/a><\/p>\n","protected":false},"excerpt":{"rendered":"<p>SI USTED ES PACIENTE TOME SUS DECISIONES: QUIZ\u00c1 DEBER\u00cdA EMIGRAR DE SU COMUNIDAD AUT\u00d3NOMA Madrid, 27 de noviembre 2012. Siempre me planteo en que pa\u00eds estamos viviendo \u00f3 mejor dicho en que 17 pa\u00edses vivimos. Tan diferentes todos entre s\u00ed.<span class=\"ellipsis\">&hellip;<\/span><\/p>\n<div class=\"read-more\"><a href=\"https:\/\/www.pacientesatm.com\/?page_id=108\">Leer m\u00e1s \u203a<\/a><\/div>\n<p><!-- end of .read-more --><\/p>\n","protected":false},"author":3,"featured_media":0,"parent":0,"menu_order":0,"comment_status":"closed","ping_status":"closed","template":"","meta":{"footnotes":""},"class_list":["post-108","page","type-page","status-publish","hentry"],"yoast_head":"<!-- This site is optimized with the Yoast SEO plugin v21.1 - https:\/\/yoast.com\/wordpress\/plugins\/seo\/ -->\n<title>Opini\u00f3n - Asociaci\u00f3n Espa\u00f1ola de Pacientes con Dolor Neurop\u00e1tico<\/title>\n<meta name=\"description\" content=\"Asociaci\u00f3n Espa\u00f1ola de Pacientes con Dolor. Nuestros cl\u00ednicos y sanitarios ayudan a las personas que sufren dolor cr\u00f3nico. Desde el 2006, nuestro equipo est\u00e1 colaborando con todos los pacientes que sufren dolor\" \/>\n<meta name=\"robots\" content=\"index, follow, max-snippet:-1, max-image-preview:large, max-video-preview:-1\" \/>\n<link rel=\"canonical\" href=\"https:\/\/www.pacientesatm.com\/?page_id=108\" \/>\n<meta property=\"og:locale\" content=\"es_ES\" \/>\n<meta property=\"og:type\" content=\"article\" \/>\n<meta property=\"og:title\" content=\"Opini\u00f3n - Asociaci\u00f3n Espa\u00f1ola de Pacientes con Dolor Neurop\u00e1tico\" \/>\n<meta property=\"og:description\" content=\"Asociaci\u00f3n Espa\u00f1ola de Pacientes con Dolor. Nuestros cl\u00ednicos y sanitarios ayudan a las personas que sufren dolor cr\u00f3nico. Desde el 2006, nuestro equipo est\u00e1 colaborando con todos los pacientes que sufren dolor\" \/>\n<meta property=\"og:url\" content=\"https:\/\/www.pacientesatm.com\/?page_id=108\" \/>\n<meta property=\"og:site_name\" content=\"Asociaci\u00f3n Espa\u00f1ola de Pacientes con Dolor Neurop\u00e1tico\" \/>\n<meta property=\"article:publisher\" content=\"https:\/\/www.facebook.com\/dolorneuropatico\" \/>\n<meta property=\"article:modified_time\" content=\"2014-06-01T20:23:17+00:00\" \/>\n<meta property=\"og:image\" content=\"https:\/\/www.pacientesatm.com\/wp-content\/uploads\/2022\/10\/Logo_alianzadolor2022_fondotransparente.png\" \/>\n\t<meta property=\"og:image:width\" content=\"709\" \/>\n\t<meta property=\"og:image:height\" content=\"709\" \/>\n\t<meta property=\"og:image:type\" content=\"image\/png\" \/>\n<meta name=\"twitter:card\" content=\"summary_large_image\" \/>\n<meta name=\"twitter:site\" content=\"@AlianzaDolor\" \/>\n<meta name=\"twitter:label1\" content=\"Tiempo de lectura\" \/>\n\t<meta name=\"twitter:data1\" content=\"5 minutos\" \/>\n<script type=\"application\/ld+json\" class=\"yoast-schema-graph\">{\"@context\":\"https:\/\/schema.org\",\"@graph\":[{\"@type\":\"NewsArticle\",\"@id\":\"https:\/\/www.pacientesatm.com\/?page_id=108#article\",\"isPartOf\":{\"@id\":\"https:\/\/www.pacientesatm.com\/?page_id=108\"},\"author\":{\"name\":\"Ignacio del Rio\",\"@id\":\"https:\/\/www.pacientesatm.com\/#\/schema\/person\/b2abb3172d8c79abb77ae65f95c64582\"},\"headline\":\"Opini\u00f3n\",\"datePublished\":\"2014-05-18T15:24:51+00:00\",\"dateModified\":\"2014-06-01T20:23:17+00:00\",\"mainEntityOfPage\":{\"@id\":\"https:\/\/www.pacientesatm.com\/?page_id=108\"},\"wordCount\":1092,\"publisher\":{\"@id\":\"https:\/\/www.pacientesatm.com\/#organization\"},\"inLanguage\":\"es\"},{\"@type\":[\"WebPage\",\"MedicalWebPage\"],\"@id\":\"https:\/\/www.pacientesatm.com\/?page_id=108\",\"url\":\"https:\/\/www.pacientesatm.com\/?page_id=108\",\"name\":\"Opini\u00f3n - Asociaci\u00f3n Espa\u00f1ola de Pacientes con Dolor Neurop\u00e1tico\",\"isPartOf\":{\"@id\":\"https:\/\/www.pacientesatm.com\/#website\"},\"datePublished\":\"2014-05-18T15:24:51+00:00\",\"dateModified\":\"2014-06-01T20:23:17+00:00\",\"description\":\"Asociaci\u00f3n Espa\u00f1ola de Pacientes con Dolor. Nuestros cl\u00ednicos y sanitarios ayudan a las personas que sufren dolor cr\u00f3nico. Desde el 2006, nuestro equipo est\u00e1 colaborando con todos los pacientes que sufren dolor\",\"breadcrumb\":{\"@id\":\"https:\/\/www.pacientesatm.com\/?page_id=108#breadcrumb\"},\"inLanguage\":\"es\",\"potentialAction\":[{\"@type\":\"ReadAction\",\"target\":[\"https:\/\/www.pacientesatm.com\/?page_id=108\"]}]},{\"@type\":\"BreadcrumbList\",\"@id\":\"https:\/\/www.pacientesatm.com\/?page_id=108#breadcrumb\",\"itemListElement\":[{\"@type\":\"ListItem\",\"position\":1,\"name\":\"Portada\",\"item\":\"https:\/\/www.pacientesatm.com\/\"},{\"@type\":\"ListItem\",\"position\":2,\"name\":\"Opini\u00f3n\"}]},{\"@type\":\"WebSite\",\"@id\":\"https:\/\/www.pacientesatm.com\/#website\",\"url\":\"https:\/\/www.pacientesatm.com\/\",\"name\":\"Asociaci\u00f3n Espa\u00f1ola de Pacientes con Dolor Trig\u00e9mino\",\"description\":\"Asociaci\u00f3n Espa\u00f1ola de Pacientes con Dolor Neuropatico, Dolor Cronico y Neuralgia del Trig\u00e9mino\",\"publisher\":{\"@id\":\"https:\/\/www.pacientesatm.com\/#organization\"},\"alternateName\":\"Alianza Contra el Dolor\",\"potentialAction\":[{\"@type\":\"SearchAction\",\"target\":{\"@type\":\"EntryPoint\",\"urlTemplate\":\"https:\/\/www.pacientesatm.com\/?s={search_term_string}\"},\"query-input\":\"required name=search_term_string\"}],\"inLanguage\":\"es\"},{\"@type\":\"Organization\",\"@id\":\"https:\/\/www.pacientesatm.com\/#organization\",\"name\":\"Alianza Contra el Dolor\",\"alternateName\":\"Alianza Contra el Dolor\",\"url\":\"https:\/\/www.pacientesatm.com\/\",\"logo\":{\"@type\":\"ImageObject\",\"inLanguage\":\"es\",\"@id\":\"https:\/\/www.pacientesatm.com\/#\/schema\/logo\/image\/\",\"url\":\"https:\/\/www.pacientesatm.com\/wp-content\/uploads\/2022\/10\/Logo_alianzadolor2022_fondotransparente.png\",\"contentUrl\":\"https:\/\/www.pacientesatm.com\/wp-content\/uploads\/2022\/10\/Logo_alianzadolor2022_fondotransparente.png\",\"width\":709,\"height\":709,\"caption\":\"Alianza Contra el Dolor\"},\"image\":{\"@id\":\"https:\/\/www.pacientesatm.com\/#\/schema\/logo\/image\/\"},\"sameAs\":[\"https:\/\/www.facebook.com\/dolorneuropatico\",\"https:\/\/twitter.com\/AlianzaDolor\",\"https:\/\/www.instagram.com\/alianzacontraeldolor\",\"https:\/\/www.youtube.com\/Alianzacontraeldolor\",\"https:\/\/www.linkedin.com\/company\/alianza-contra-el-dolor\/\"]},{\"@type\":\"Person\",\"@id\":\"https:\/\/www.pacientesatm.com\/#\/schema\/person\/b2abb3172d8c79abb77ae65f95c64582\",\"name\":\"Ignacio del Rio\",\"image\":{\"@type\":\"ImageObject\",\"inLanguage\":\"es\",\"@id\":\"https:\/\/www.pacientesatm.com\/#\/schema\/person\/image\/\",\"url\":\"https:\/\/secure.gravatar.com\/avatar\/63d1fa88871c7590b4875c08cc5a5de2663b014c4e5bda3333bb9fb69bb27b0a?s=96&d=mm&r=g\",\"contentUrl\":\"https:\/\/secure.gravatar.com\/avatar\/63d1fa88871c7590b4875c08cc5a5de2663b014c4e5bda3333bb9fb69bb27b0a?s=96&d=mm&r=g\",\"caption\":\"Ignacio del Rio\"},\"url\":\"https:\/\/www.pacientesatm.com\/?author=3\"}]}<\/script>\n<!-- \/ Yoast SEO plugin. -->","yoast_head_json":{"title":"Opini\u00f3n - Asociaci\u00f3n Espa\u00f1ola de Pacientes con Dolor Neurop\u00e1tico","description":"Asociaci\u00f3n Espa\u00f1ola de Pacientes con Dolor. Nuestros cl\u00ednicos y sanitarios ayudan a las personas que sufren dolor cr\u00f3nico. Desde el 2006, nuestro equipo est\u00e1 colaborando con todos los pacientes que sufren dolor","robots":{"index":"index","follow":"follow","max-snippet":"max-snippet:-1","max-image-preview":"max-image-preview:large","max-video-preview":"max-video-preview:-1"},"canonical":"https:\/\/www.pacientesatm.com\/?page_id=108","og_locale":"es_ES","og_type":"article","og_title":"Opini\u00f3n - Asociaci\u00f3n Espa\u00f1ola de Pacientes con Dolor Neurop\u00e1tico","og_description":"Asociaci\u00f3n Espa\u00f1ola de Pacientes con Dolor. Nuestros cl\u00ednicos y sanitarios ayudan a las personas que sufren dolor cr\u00f3nico. Desde el 2006, nuestro equipo est\u00e1 colaborando con todos los pacientes que sufren dolor","og_url":"https:\/\/www.pacientesatm.com\/?page_id=108","og_site_name":"Asociaci\u00f3n Espa\u00f1ola de Pacientes con Dolor Neurop\u00e1tico","article_publisher":"https:\/\/www.facebook.com\/dolorneuropatico","article_modified_time":"2014-06-01T20:23:17+00:00","og_image":[{"width":709,"height":709,"url":"https:\/\/www.pacientesatm.com\/wp-content\/uploads\/2022\/10\/Logo_alianzadolor2022_fondotransparente.png","type":"image\/png"}],"twitter_card":"summary_large_image","twitter_site":"@AlianzaDolor","twitter_misc":{"Tiempo de lectura":"5 minutos"},"schema":{"@context":"https:\/\/schema.org","@graph":[{"@type":"NewsArticle","@id":"https:\/\/www.pacientesatm.com\/?page_id=108#article","isPartOf":{"@id":"https:\/\/www.pacientesatm.com\/?page_id=108"},"author":{"name":"Ignacio del Rio","@id":"https:\/\/www.pacientesatm.com\/#\/schema\/person\/b2abb3172d8c79abb77ae65f95c64582"},"headline":"Opini\u00f3n","datePublished":"2014-05-18T15:24:51+00:00","dateModified":"2014-06-01T20:23:17+00:00","mainEntityOfPage":{"@id":"https:\/\/www.pacientesatm.com\/?page_id=108"},"wordCount":1092,"publisher":{"@id":"https:\/\/www.pacientesatm.com\/#organization"},"inLanguage":"es"},{"@type":["WebPage","MedicalWebPage"],"@id":"https:\/\/www.pacientesatm.com\/?page_id=108","url":"https:\/\/www.pacientesatm.com\/?page_id=108","name":"Opini\u00f3n - Asociaci\u00f3n Espa\u00f1ola de Pacientes con Dolor Neurop\u00e1tico","isPartOf":{"@id":"https:\/\/www.pacientesatm.com\/#website"},"datePublished":"2014-05-18T15:24:51+00:00","dateModified":"2014-06-01T20:23:17+00:00","description":"Asociaci\u00f3n Espa\u00f1ola de Pacientes con Dolor. Nuestros cl\u00ednicos y sanitarios ayudan a las personas que sufren dolor cr\u00f3nico. Desde el 2006, nuestro equipo est\u00e1 colaborando con todos los pacientes que sufren dolor","breadcrumb":{"@id":"https:\/\/www.pacientesatm.com\/?page_id=108#breadcrumb"},"inLanguage":"es","potentialAction":[{"@type":"ReadAction","target":["https:\/\/www.pacientesatm.com\/?page_id=108"]}]},{"@type":"BreadcrumbList","@id":"https:\/\/www.pacientesatm.com\/?page_id=108#breadcrumb","itemListElement":[{"@type":"ListItem","position":1,"name":"Portada","item":"https:\/\/www.pacientesatm.com\/"},{"@type":"ListItem","position":2,"name":"Opini\u00f3n"}]},{"@type":"WebSite","@id":"https:\/\/www.pacientesatm.com\/#website","url":"https:\/\/www.pacientesatm.com\/","name":"Asociaci\u00f3n Espa\u00f1ola de Pacientes con Dolor Trig\u00e9mino","description":"Asociaci\u00f3n Espa\u00f1ola de Pacientes con Dolor Neuropatico, Dolor Cronico y Neuralgia del Trig\u00e9mino","publisher":{"@id":"https:\/\/www.pacientesatm.com\/#organization"},"alternateName":"Alianza Contra el Dolor","potentialAction":[{"@type":"SearchAction","target":{"@type":"EntryPoint","urlTemplate":"https:\/\/www.pacientesatm.com\/?s={search_term_string}"},"query-input":"required name=search_term_string"}],"inLanguage":"es"},{"@type":"Organization","@id":"https:\/\/www.pacientesatm.com\/#organization","name":"Alianza Contra el Dolor","alternateName":"Alianza Contra el Dolor","url":"https:\/\/www.pacientesatm.com\/","logo":{"@type":"ImageObject","inLanguage":"es","@id":"https:\/\/www.pacientesatm.com\/#\/schema\/logo\/image\/","url":"https:\/\/www.pacientesatm.com\/wp-content\/uploads\/2022\/10\/Logo_alianzadolor2022_fondotransparente.png","contentUrl":"https:\/\/www.pacientesatm.com\/wp-content\/uploads\/2022\/10\/Logo_alianzadolor2022_fondotransparente.png","width":709,"height":709,"caption":"Alianza Contra el Dolor"},"image":{"@id":"https:\/\/www.pacientesatm.com\/#\/schema\/logo\/image\/"},"sameAs":["https:\/\/www.facebook.com\/dolorneuropatico","https:\/\/twitter.com\/AlianzaDolor","https:\/\/www.instagram.com\/alianzacontraeldolor","https:\/\/www.youtube.com\/Alianzacontraeldolor","https:\/\/www.linkedin.com\/company\/alianza-contra-el-dolor\/"]},{"@type":"Person","@id":"https:\/\/www.pacientesatm.com\/#\/schema\/person\/b2abb3172d8c79abb77ae65f95c64582","name":"Ignacio del Rio","image":{"@type":"ImageObject","inLanguage":"es","@id":"https:\/\/www.pacientesatm.com\/#\/schema\/person\/image\/","url":"https:\/\/secure.gravatar.com\/avatar\/63d1fa88871c7590b4875c08cc5a5de2663b014c4e5bda3333bb9fb69bb27b0a?s=96&d=mm&r=g","contentUrl":"https:\/\/secure.gravatar.com\/avatar\/63d1fa88871c7590b4875c08cc5a5de2663b014c4e5bda3333bb9fb69bb27b0a?s=96&d=mm&r=g","caption":"Ignacio del Rio"},"url":"https:\/\/www.pacientesatm.com\/?author=3"}]}},"_links":{"self":[{"href":"https:\/\/www.pacientesatm.com\/index.php?rest_route=\/wp\/v2\/pages\/108","targetHints":{"allow":["GET"]}}],"collection":[{"href":"https:\/\/www.pacientesatm.com\/index.php?rest_route=\/wp\/v2\/pages"}],"about":[{"href":"https:\/\/www.pacientesatm.com\/index.php?rest_route=\/wp\/v2\/types\/page"}],"author":[{"embeddable":true,"href":"https:\/\/www.pacientesatm.com\/index.php?rest_route=\/wp\/v2\/users\/3"}],"replies":[{"embeddable":true,"href":"https:\/\/www.pacientesatm.com\/index.php?rest_route=%2Fwp%2Fv2%2Fcomments&post=108"}],"version-history":[{"count":2,"href":"https:\/\/www.pacientesatm.com\/index.php?rest_route=\/wp\/v2\/pages\/108\/revisions"}],"predecessor-version":[{"id":381,"href":"https:\/\/www.pacientesatm.com\/index.php?rest_route=\/wp\/v2\/pages\/108\/revisions\/381"}],"wp:attachment":[{"href":"https:\/\/www.pacientesatm.com\/index.php?rest_route=%2Fwp%2Fv2%2Fmedia&parent=108"}],"curies":[{"name":"wp","href":"https:\/\/api.w.org\/{rel}","templated":true}]}}