{"id":113,"date":"2014-05-24T08:54:21","date_gmt":"2014-05-24T08:54:21","guid":{"rendered":"http:\/\/www.pacientesatm.com\/?page_id=113"},"modified":"2017-03-14T10:55:15","modified_gmt":"2017-03-14T10:55:15","slug":"sintomas","status":"publish","type":"page","link":"https:\/\/www.pacientesatm.com\/?page_id=113","title":{"rendered":"S\u00edntomas"},"content":{"rendered":"<p>M\u00e1s de un 20% de la poblaci\u00f3n espa\u00f1ola sufre\u00a0o est\u00e1 afectada por esta enfermedad en alguno de sus diferentes grados.\u00a0Con la adecuada prevenci\u00f3n solo un 5% llega a desarrollar s\u00edntomas agudos.\u00a0<br clear=\"all\" \/><br \/>\nLa disfunci\u00f3n craneomandibular y los trastornos de la articulaci\u00f3n temporomandibular ATM se manifiestan de muchas formas y sus\u00a0<strong>s\u00edntomas<\/strong>\u00a0pueden aparecer aisladamente o de forma\u00a0combinada: contractura de los m\u00fasculos cervicales, dolor profundo craneal, cervical, miofascial, dolor de varias piezas dentales, pinchazos en los o\u00eddos, v\u00e9rtigo, mareo, tinitus, bloqueos de los movimientos de apertura y cierre de la boca con o sin reducci\u00f3n, p\u00e9rdida de piezas dentales debido al bruxismo y dolor neurop\u00e1tico producido por las ramas del trig\u00e9mino que inervan la articulaci\u00f3n temporomandibular (Dolor en el p\u00f3mulo, maxilar y globo ocular).<\/p>\n<p>Hay que observar bien este dolor y diferenciarlo.<br \/>\nLa ATM, es la Articulaci\u00f3n Temporomandibular, el hueso que te permite abrir y cerrar la boca necesario para hablar, tragar y comer.<\/p>\n<p>En cuanto a la neuralgia del trig\u00e9mino, est\u00e1 clasificado como el peor dolor que puede sufrir una persona. Por eso es muy importante cuidar las articulaciones temporomandibulares. Tenemos s\u00f3lo dos (una a cada lado del o\u00eddo) para toda la vida, y, de momento, sin repuesto.<\/p>\n<p>Cuando se degeneran las ATM\u00b4S por traumatismos severos, como, por ejemplo, \u00a0el apretamiento continuo de los dientes el dolor es de origen neurop\u00e1tico. Es como una hernia discal pero en la cabeza y sin intervenci\u00f3n quir\u00fargica que lo solucione.<\/p>\n<p>Seg\u00fan indican los expertos maxilofaciales como Cesar Colmenero o Elena G\u00f3mez, cirujana m\u00e1xilofacial infantil del Hospital La Paz de Madrid.<strong>\u00a0\u201cSe trata de una enfermedad donde la informaci\u00f3n es vital para prevenir su aparici\u00f3n. Es una enfermedad muy poco investigada que requiere la atenci\u00f3n de m\u00e1s de siete especialistas m\u00e9dicos que trabajen en equipo de diferentes especialidades. Prevenir e Informar son las claves de muchas enfermedades\u201d<\/strong>,\u00a0se\u00f1ala esta cirujana m\u00e1xilofacial.<\/p>\n<p>Cuando esta articulaci\u00f3n se degenera aparecen en muchos casos neuralgias del trig\u00e9mino, ya que ocurre como en las hernias discales. El disco se desplaza y comprime superficies inervadas por este nervio que se encuentra en la cara.<\/p>\n<p>El nervio trig\u00e9mino se denomina as\u00ed porque tiene tres ramas. La primera inerva el ojo, cejas y frente, la segunda rama el p\u00f3mulo y dientes del maxilar superior y la rama inferior los dientes de la mand\u00edbula inferiores. Existen dos tipos de neuralgia del trig\u00e9mino: at\u00edpica, que es la que est\u00e1 producida por un traumatismo o el desplazamiento del disco y la t\u00edpica que son latigazos que se extienden por la cara.<\/p>\n<p><strong>\u00bfQu\u00e9 tipo de dolor puedo tener? \u00bfC\u00f3mo diferenciarlo?<\/strong><br \/>\nEs importante mantener la calma siempre puesto que la ansiedad solo intensifica cualquier tipo de dolor.<br \/>\nSi tiene dificultad para abrir y cerrar la boca y el dolor se produce de forma muscular a lo largo del cuello y con contracturas, es muy probable que usted sufra una disfunci\u00f3n craneomandibular o de la ATM. Debe acudir a su m\u00e9dico.<\/p>\n<p>Si el dolor se presenta solo facialmente en forma de latigazos intermitentes este dolor es neurop\u00e1tico y responde a una inflamaci\u00f3n del nervio trig\u00e9mino.<\/p>\n<h2>Caracter\u00edsticas Dolor<\/h2>\n<p>Sea cual fuere las caracter\u00edsticas del dolor, debe acudir a su m\u00e9dico de forma urgente qui\u00e9n clasificar\u00e1 su origen.<\/p>\n<p>Actualmente, seg\u00fan indican los expertos, cada vez hay m\u00e1s profesionales que sufren des\u00f3rdenes temporomandibulares, ya que el estr\u00e9s y la tensi\u00f3n suelen actuar como un factor desencadenante. Afecta a muchos profesionales que canalizan su ansiedad apretando los dientes (lo que se denomina \u201cbruxismo\u201d).\u00a0<strong>Este h\u00e1bito &#8211; a largo plazo- ejerce un fuerte traumatismo sobre el disco articular (el hueso que tenemos al lado del o\u00eddo y nos permite abrir y cerrar la boca).\u00a0<\/strong><\/p>\n<p><strong>Este desplazamiento del disco articular produce \u201cun click\u201d al abrir la boca<\/strong>\u00a0y\u00a0en muchas ocasiones se originan problemas neuromusculares muy dolorosos en cabeza y cuello que necesita un abordaje multidisciplinar por parte de varias especialidades m\u00e9dicas: odont\u00f3logos, cirujanos maxilofaciales, radi\u00f3logos, neur\u00f3logos, psic\u00f3logos y fisioterapeutas.<\/p>\n<p>Seg\u00fan indican los m\u00e9dicos especialistas en esta patolog\u00eda estos problemas en el disco articular tambi\u00e9n se pueden originar por cualquier problema de oclusi\u00f3n, como, por ejemplo, las interferencias dentales,\u00a0por colocar los implantes sin una planificaci\u00f3n oclusal previa, o en las personas que les faltan piezas dentales, ya que este hecho var\u00eda su forma de masticar.<\/p>\n<p>En algunos casos el desplazamiento es tal que se produce un dolor neurop\u00e1tico con calambres en el p\u00f3mulo y partes de la cara. En estos casos se denomina neuralgia del trig\u00e9mino at\u00edpica porque el dolor facial cuando se produce es constante.<\/p>\n<h2>\u00bfC\u00f3mo se pueden catalogar los dolores faciales?<\/h2>\n<p>En general, en el caso de la neuralgia del trig\u00e9mino, tal y como se ha dicho anteriormente, existen dos tipos:\u00a0<strong>la neuralgia at\u00edpica, dolor facial contin\u00fao, y\/o la neuralgia del trig\u00e9mino t\u00edpica (Intermitente).<\/strong><\/p>\n<p>Esta segunda es m\u00e1s clara a la hora de establecer un diagn\u00f3stico. Es una de las formas de dolor neurop\u00e1tico m\u00e1s temibles. La primera descripci\u00f3n se observ\u00f3 en la mujer de un embajador ingl\u00e9s a finales del siglo XVII. Fueron los franceses quienes describieron y catalogaron este dolor de forma completa bajo la denominaci\u00f3n de\u00a0\u201ctic douloureux\u201d. Es un dolor muy\u00a0 lacinante que afecta a la cara con mayor o menor extensi\u00f3n dependiendo de las ramas afectadas. Este nervio se llama \u201cTrig\u00e9mino\u201d porque tiene tres ramas. La primera, pasa por el ojo y ceja, la segunda por el p\u00f3mulo, dientes superiores y labio superior, y la tercera por el maxilar inferior en la mand\u00edbula. El Trig\u00e9mino tiene infinidad de terminaciones nerviosas que van a cada una de las piezas dentales.<\/p>\n<h2>Ramas NT<\/h2>\n<p>Si el dolor afecta a la tercera rama tambi\u00e9n se puede producir una desviaci\u00f3n de la boca, pero en menor grado y diferente a la par\u00e1lisis facial, seg\u00fan indican los neurocirujanos. El dolor puede desencadenarse al comer, lo que complica la vida del paciente.<\/p>\n<p>Existen muchas causas de la denominada\u00a0<strong>Neuralgia del Trig\u00e9mino<\/strong>\u00a0t\u00edpica (NT). Aquella en la que se producen tics dolorosos. Este dolor a veces se puede producir en personas que sufren esclerosis m\u00faltiple, en otras ocasiones, se origina por lesiones del propio nervio al realizar una cirug\u00eda de la ATM.<\/p>\n<p>Tambi\u00e9n se produce porque existen compresiones \u00f3seas o de alguna vena an\u00f3mala que compite con el nervio en el paso por alguna zona de paso en el cr\u00e1neo. Es imprescindible realizar una Resonancia Magn\u00e9tica para que los especialistas puedan conocer las causas.<\/p>\n<p>La NT t\u00edpica se trata de un dolor horrible e intermitente para el paciente que no se presta a confusi\u00f3n por su intensidad.<\/p>\n<p>Determinar el origen de esta neuralgia es m\u00e1s dif\u00edcil, ya que puede estar en una terminal nerviosa o hasta cerca del n\u00facleo en el tronco cerebral. Los especialistas son rigurosos y afirman que este dolor requiere de un estudio exhaustivo realizado por Neur\u00f3logos, Radio-Neur\u00f3logos y Neurocirujanos especializados. No acuda a cualquiera.\u00a0<strong>Acuda a un neur\u00f3logo de prestigio demostrado especializado en este tipo de diagn\u00f3sticos.<\/strong><\/p>\n<h2>Algunos tratamientos<\/h2>\n<p>Actualmente, muchos de estos pacientes encuentran soluciones terap\u00e9uticas y alg\u00fan tipo de tratamiento que pueda ayudar en su d\u00eda a d\u00eda. Las personas que sufren esta patolog\u00eda requieren un especial cuidado por parte de los familiares ya que estos pacientes sufren un gran desgaste emocional traum\u00e1tico.<\/p>\n<p>Insistimos: Siempre se aconseja realizar Resonancia Magn\u00e9tica de calidad visual con los suficientes teslas para ayudar en el diagn\u00f3stico de las posibles causas de este dolor.<\/p>\n<p>Los especialistas a\u00f1aden: <strong>\u201cHay que tener especial cuidado con todos los dolores que se producen en la lengua que deben ser especialmente analizados por un neur\u00f3logo, porque en ocasiones el origen de este problema puede estar cerca del tronco cerebral \u2013 lugar donde sale el nervio- que est\u00e1 muy alejado topogr\u00e1ficamente de la cara. A veces, se trata de dolores referidos y deben ser diagnosticados por varios especialistas m\u00e9dicos\u201d<\/strong>, seg\u00fan se\u00f1alan los neur\u00f3logos.<\/p>\n","protected":false},"excerpt":{"rendered":"<p>M\u00e1s de un 20% de la poblaci\u00f3n espa\u00f1ola sufre\u00a0o est\u00e1 afectada por esta enfermedad en alguno de sus diferentes grados.\u00a0Con la adecuada prevenci\u00f3n solo un 5% llega a desarrollar s\u00edntomas agudos.\u00a0 La disfunci\u00f3n craneomandibular y los trastornos de la articulaci\u00f3n<span class=\"ellipsis\">&hellip;<\/span><\/p>\n<div class=\"read-more\"><a href=\"https:\/\/www.pacientesatm.com\/?page_id=113\">Leer m\u00e1s \u203a<\/a><\/div>\n<p><!-- end of .read-more --><\/p>\n","protected":false},"author":3,"featured_media":0,"parent":0,"menu_order":0,"comment_status":"closed","ping_status":"closed","template":"","meta":{"footnotes":""},"class_list":["post-113","page","type-page","status-publish","hentry"],"yoast_head":"<!-- This site is optimized with the Yoast SEO plugin v21.1 - https:\/\/yoast.com\/wordpress\/plugins\/seo\/ -->\n<title>S\u00edntomas - Asociaci\u00f3n Espa\u00f1ola de Pacientes con Dolor Neurop\u00e1tico<\/title>\n<meta name=\"description\" content=\"Asociaci\u00f3n Espa\u00f1ola de Pacientes con Dolor. Nuestros cl\u00ednicos y sanitarios ayudan a las personas que sufren dolor cr\u00f3nico. Desde el 2006, nuestro equipo est\u00e1 colaborando con todos los pacientes que sufren dolor\" \/>\n<meta name=\"robots\" content=\"index, follow, max-snippet:-1, max-image-preview:large, max-video-preview:-1\" \/>\n<link rel=\"canonical\" href=\"https:\/\/www.pacientesatm.com\/?page_id=113\" \/>\n<meta property=\"og:locale\" content=\"es_ES\" \/>\n<meta property=\"og:type\" content=\"article\" \/>\n<meta property=\"og:title\" content=\"S\u00edntomas - Asociaci\u00f3n Espa\u00f1ola de Pacientes con Dolor Neurop\u00e1tico\" \/>\n<meta property=\"og:description\" content=\"Asociaci\u00f3n Espa\u00f1ola de Pacientes con Dolor. Nuestros cl\u00ednicos y sanitarios ayudan a las personas que sufren dolor cr\u00f3nico. Desde el 2006, nuestro equipo est\u00e1 colaborando con todos los pacientes que sufren dolor\" \/>\n<meta property=\"og:url\" content=\"https:\/\/www.pacientesatm.com\/?page_id=113\" \/>\n<meta property=\"og:site_name\" content=\"Asociaci\u00f3n Espa\u00f1ola de Pacientes con Dolor Neurop\u00e1tico\" \/>\n<meta property=\"article:publisher\" content=\"https:\/\/www.facebook.com\/dolorneuropatico\" \/>\n<meta property=\"article:modified_time\" content=\"2017-03-14T10:55:15+00:00\" \/>\n<meta property=\"og:image\" content=\"https:\/\/www.pacientesatm.com\/wp-content\/uploads\/2022\/10\/Logo_alianzadolor2022_fondotransparente.png\" \/>\n\t<meta property=\"og:image:width\" content=\"709\" \/>\n\t<meta property=\"og:image:height\" content=\"709\" \/>\n\t<meta property=\"og:image:type\" content=\"image\/png\" \/>\n<meta name=\"twitter:card\" content=\"summary_large_image\" \/>\n<meta name=\"twitter:site\" content=\"@AlianzaDolor\" \/>\n<meta name=\"twitter:label1\" content=\"Tiempo de lectura\" \/>\n\t<meta name=\"twitter:data1\" content=\"7 minutos\" \/>\n<script type=\"application\/ld+json\" class=\"yoast-schema-graph\">{\"@context\":\"https:\/\/schema.org\",\"@graph\":[{\"@type\":\"NewsArticle\",\"@id\":\"https:\/\/www.pacientesatm.com\/?page_id=113#article\",\"isPartOf\":{\"@id\":\"https:\/\/www.pacientesatm.com\/?page_id=113\"},\"author\":{\"name\":\"Ignacio del Rio\",\"@id\":\"https:\/\/www.pacientesatm.com\/#\/schema\/person\/b2abb3172d8c79abb77ae65f95c64582\"},\"headline\":\"S\u00edntomas\",\"datePublished\":\"2014-05-24T08:54:21+00:00\",\"dateModified\":\"2017-03-14T10:55:15+00:00\",\"mainEntityOfPage\":{\"@id\":\"https:\/\/www.pacientesatm.com\/?page_id=113\"},\"wordCount\":1416,\"publisher\":{\"@id\":\"https:\/\/www.pacientesatm.com\/#organization\"},\"inLanguage\":\"es\"},{\"@type\":[\"WebPage\",\"MedicalWebPage\"],\"@id\":\"https:\/\/www.pacientesatm.com\/?page_id=113\",\"url\":\"https:\/\/www.pacientesatm.com\/?page_id=113\",\"name\":\"S\u00edntomas - Asociaci\u00f3n Espa\u00f1ola de Pacientes con Dolor Neurop\u00e1tico\",\"isPartOf\":{\"@id\":\"https:\/\/www.pacientesatm.com\/#website\"},\"datePublished\":\"2014-05-24T08:54:21+00:00\",\"dateModified\":\"2017-03-14T10:55:15+00:00\",\"description\":\"Asociaci\u00f3n Espa\u00f1ola de Pacientes con Dolor. Nuestros cl\u00ednicos y sanitarios ayudan a las personas que sufren dolor cr\u00f3nico. Desde el 2006, nuestro equipo est\u00e1 colaborando con todos los pacientes que sufren dolor\",\"breadcrumb\":{\"@id\":\"https:\/\/www.pacientesatm.com\/?page_id=113#breadcrumb\"},\"inLanguage\":\"es\",\"potentialAction\":[{\"@type\":\"ReadAction\",\"target\":[\"https:\/\/www.pacientesatm.com\/?page_id=113\"]}]},{\"@type\":\"BreadcrumbList\",\"@id\":\"https:\/\/www.pacientesatm.com\/?page_id=113#breadcrumb\",\"itemListElement\":[{\"@type\":\"ListItem\",\"position\":1,\"name\":\"Portada\",\"item\":\"https:\/\/www.pacientesatm.com\/\"},{\"@type\":\"ListItem\",\"position\":2,\"name\":\"S\u00edntomas\"}]},{\"@type\":\"WebSite\",\"@id\":\"https:\/\/www.pacientesatm.com\/#website\",\"url\":\"https:\/\/www.pacientesatm.com\/\",\"name\":\"Asociaci\u00f3n Espa\u00f1ola de Pacientes con Dolor Trig\u00e9mino\",\"description\":\"Asociaci\u00f3n Espa\u00f1ola de Pacientes con Dolor Neuropatico, Dolor Cronico y Neuralgia del Trig\u00e9mino\",\"publisher\":{\"@id\":\"https:\/\/www.pacientesatm.com\/#organization\"},\"alternateName\":\"Alianza Contra el Dolor\",\"potentialAction\":[{\"@type\":\"SearchAction\",\"target\":{\"@type\":\"EntryPoint\",\"urlTemplate\":\"https:\/\/www.pacientesatm.com\/?s={search_term_string}\"},\"query-input\":\"required name=search_term_string\"}],\"inLanguage\":\"es\"},{\"@type\":\"Organization\",\"@id\":\"https:\/\/www.pacientesatm.com\/#organization\",\"name\":\"Alianza Contra el Dolor\",\"alternateName\":\"Alianza Contra el Dolor\",\"url\":\"https:\/\/www.pacientesatm.com\/\",\"logo\":{\"@type\":\"ImageObject\",\"inLanguage\":\"es\",\"@id\":\"https:\/\/www.pacientesatm.com\/#\/schema\/logo\/image\/\",\"url\":\"https:\/\/www.pacientesatm.com\/wp-content\/uploads\/2022\/10\/Logo_alianzadolor2022_fondotransparente.png\",\"contentUrl\":\"https:\/\/www.pacientesatm.com\/wp-content\/uploads\/2022\/10\/Logo_alianzadolor2022_fondotransparente.png\",\"width\":709,\"height\":709,\"caption\":\"Alianza Contra el Dolor\"},\"image\":{\"@id\":\"https:\/\/www.pacientesatm.com\/#\/schema\/logo\/image\/\"},\"sameAs\":[\"https:\/\/www.facebook.com\/dolorneuropatico\",\"https:\/\/twitter.com\/AlianzaDolor\",\"https:\/\/www.instagram.com\/alianzacontraeldolor\",\"https:\/\/www.youtube.com\/Alianzacontraeldolor\",\"https:\/\/www.linkedin.com\/company\/alianza-contra-el-dolor\/\"]},{\"@type\":\"Person\",\"@id\":\"https:\/\/www.pacientesatm.com\/#\/schema\/person\/b2abb3172d8c79abb77ae65f95c64582\",\"name\":\"Ignacio del Rio\",\"image\":{\"@type\":\"ImageObject\",\"inLanguage\":\"es\",\"@id\":\"https:\/\/www.pacientesatm.com\/#\/schema\/person\/image\/\",\"url\":\"https:\/\/secure.gravatar.com\/avatar\/63d1fa88871c7590b4875c08cc5a5de2663b014c4e5bda3333bb9fb69bb27b0a?s=96&d=mm&r=g\",\"contentUrl\":\"https:\/\/secure.gravatar.com\/avatar\/63d1fa88871c7590b4875c08cc5a5de2663b014c4e5bda3333bb9fb69bb27b0a?s=96&d=mm&r=g\",\"caption\":\"Ignacio del Rio\"},\"url\":\"https:\/\/www.pacientesatm.com\/?author=3\"}]}<\/script>\n<!-- \/ Yoast SEO plugin. -->","yoast_head_json":{"title":"S\u00edntomas - Asociaci\u00f3n Espa\u00f1ola de Pacientes con Dolor Neurop\u00e1tico","description":"Asociaci\u00f3n Espa\u00f1ola de Pacientes con Dolor. Nuestros cl\u00ednicos y sanitarios ayudan a las personas que sufren dolor cr\u00f3nico. Desde el 2006, nuestro equipo est\u00e1 colaborando con todos los pacientes que sufren dolor","robots":{"index":"index","follow":"follow","max-snippet":"max-snippet:-1","max-image-preview":"max-image-preview:large","max-video-preview":"max-video-preview:-1"},"canonical":"https:\/\/www.pacientesatm.com\/?page_id=113","og_locale":"es_ES","og_type":"article","og_title":"S\u00edntomas - Asociaci\u00f3n Espa\u00f1ola de Pacientes con Dolor Neurop\u00e1tico","og_description":"Asociaci\u00f3n Espa\u00f1ola de Pacientes con Dolor. Nuestros cl\u00ednicos y sanitarios ayudan a las personas que sufren dolor cr\u00f3nico. Desde el 2006, nuestro equipo est\u00e1 colaborando con todos los pacientes que sufren dolor","og_url":"https:\/\/www.pacientesatm.com\/?page_id=113","og_site_name":"Asociaci\u00f3n Espa\u00f1ola de Pacientes con Dolor Neurop\u00e1tico","article_publisher":"https:\/\/www.facebook.com\/dolorneuropatico","article_modified_time":"2017-03-14T10:55:15+00:00","og_image":[{"width":709,"height":709,"url":"https:\/\/www.pacientesatm.com\/wp-content\/uploads\/2022\/10\/Logo_alianzadolor2022_fondotransparente.png","type":"image\/png"}],"twitter_card":"summary_large_image","twitter_site":"@AlianzaDolor","twitter_misc":{"Tiempo de lectura":"7 minutos"},"schema":{"@context":"https:\/\/schema.org","@graph":[{"@type":"NewsArticle","@id":"https:\/\/www.pacientesatm.com\/?page_id=113#article","isPartOf":{"@id":"https:\/\/www.pacientesatm.com\/?page_id=113"},"author":{"name":"Ignacio del Rio","@id":"https:\/\/www.pacientesatm.com\/#\/schema\/person\/b2abb3172d8c79abb77ae65f95c64582"},"headline":"S\u00edntomas","datePublished":"2014-05-24T08:54:21+00:00","dateModified":"2017-03-14T10:55:15+00:00","mainEntityOfPage":{"@id":"https:\/\/www.pacientesatm.com\/?page_id=113"},"wordCount":1416,"publisher":{"@id":"https:\/\/www.pacientesatm.com\/#organization"},"inLanguage":"es"},{"@type":["WebPage","MedicalWebPage"],"@id":"https:\/\/www.pacientesatm.com\/?page_id=113","url":"https:\/\/www.pacientesatm.com\/?page_id=113","name":"S\u00edntomas - Asociaci\u00f3n Espa\u00f1ola de Pacientes con Dolor Neurop\u00e1tico","isPartOf":{"@id":"https:\/\/www.pacientesatm.com\/#website"},"datePublished":"2014-05-24T08:54:21+00:00","dateModified":"2017-03-14T10:55:15+00:00","description":"Asociaci\u00f3n Espa\u00f1ola de Pacientes con Dolor. Nuestros cl\u00ednicos y sanitarios ayudan a las personas que sufren dolor cr\u00f3nico. Desde el 2006, nuestro equipo est\u00e1 colaborando con todos los pacientes que sufren dolor","breadcrumb":{"@id":"https:\/\/www.pacientesatm.com\/?page_id=113#breadcrumb"},"inLanguage":"es","potentialAction":[{"@type":"ReadAction","target":["https:\/\/www.pacientesatm.com\/?page_id=113"]}]},{"@type":"BreadcrumbList","@id":"https:\/\/www.pacientesatm.com\/?page_id=113#breadcrumb","itemListElement":[{"@type":"ListItem","position":1,"name":"Portada","item":"https:\/\/www.pacientesatm.com\/"},{"@type":"ListItem","position":2,"name":"S\u00edntomas"}]},{"@type":"WebSite","@id":"https:\/\/www.pacientesatm.com\/#website","url":"https:\/\/www.pacientesatm.com\/","name":"Asociaci\u00f3n Espa\u00f1ola de Pacientes con Dolor Trig\u00e9mino","description":"Asociaci\u00f3n Espa\u00f1ola de Pacientes con Dolor Neuropatico, Dolor Cronico y Neuralgia del Trig\u00e9mino","publisher":{"@id":"https:\/\/www.pacientesatm.com\/#organization"},"alternateName":"Alianza Contra el Dolor","potentialAction":[{"@type":"SearchAction","target":{"@type":"EntryPoint","urlTemplate":"https:\/\/www.pacientesatm.com\/?s={search_term_string}"},"query-input":"required name=search_term_string"}],"inLanguage":"es"},{"@type":"Organization","@id":"https:\/\/www.pacientesatm.com\/#organization","name":"Alianza Contra el Dolor","alternateName":"Alianza Contra el Dolor","url":"https:\/\/www.pacientesatm.com\/","logo":{"@type":"ImageObject","inLanguage":"es","@id":"https:\/\/www.pacientesatm.com\/#\/schema\/logo\/image\/","url":"https:\/\/www.pacientesatm.com\/wp-content\/uploads\/2022\/10\/Logo_alianzadolor2022_fondotransparente.png","contentUrl":"https:\/\/www.pacientesatm.com\/wp-content\/uploads\/2022\/10\/Logo_alianzadolor2022_fondotransparente.png","width":709,"height":709,"caption":"Alianza Contra el Dolor"},"image":{"@id":"https:\/\/www.pacientesatm.com\/#\/schema\/logo\/image\/"},"sameAs":["https:\/\/www.facebook.com\/dolorneuropatico","https:\/\/twitter.com\/AlianzaDolor","https:\/\/www.instagram.com\/alianzacontraeldolor","https:\/\/www.youtube.com\/Alianzacontraeldolor","https:\/\/www.linkedin.com\/company\/alianza-contra-el-dolor\/"]},{"@type":"Person","@id":"https:\/\/www.pacientesatm.com\/#\/schema\/person\/b2abb3172d8c79abb77ae65f95c64582","name":"Ignacio del Rio","image":{"@type":"ImageObject","inLanguage":"es","@id":"https:\/\/www.pacientesatm.com\/#\/schema\/person\/image\/","url":"https:\/\/secure.gravatar.com\/avatar\/63d1fa88871c7590b4875c08cc5a5de2663b014c4e5bda3333bb9fb69bb27b0a?s=96&d=mm&r=g","contentUrl":"https:\/\/secure.gravatar.com\/avatar\/63d1fa88871c7590b4875c08cc5a5de2663b014c4e5bda3333bb9fb69bb27b0a?s=96&d=mm&r=g","caption":"Ignacio del Rio"},"url":"https:\/\/www.pacientesatm.com\/?author=3"}]}},"_links":{"self":[{"href":"https:\/\/www.pacientesatm.com\/index.php?rest_route=\/wp\/v2\/pages\/113","targetHints":{"allow":["GET"]}}],"collection":[{"href":"https:\/\/www.pacientesatm.com\/index.php?rest_route=\/wp\/v2\/pages"}],"about":[{"href":"https:\/\/www.pacientesatm.com\/index.php?rest_route=\/wp\/v2\/types\/page"}],"author":[{"embeddable":true,"href":"https:\/\/www.pacientesatm.com\/index.php?rest_route=\/wp\/v2\/users\/3"}],"replies":[{"embeddable":true,"href":"https:\/\/www.pacientesatm.com\/index.php?rest_route=%2Fwp%2Fv2%2Fcomments&post=113"}],"version-history":[{"count":1,"href":"https:\/\/www.pacientesatm.com\/index.php?rest_route=\/wp\/v2\/pages\/113\/revisions"}],"predecessor-version":[{"id":114,"href":"https:\/\/www.pacientesatm.com\/index.php?rest_route=\/wp\/v2\/pages\/113\/revisions\/114"}],"wp:attachment":[{"href":"https:\/\/www.pacientesatm.com\/index.php?rest_route=%2Fwp%2Fv2%2Fmedia&parent=113"}],"curies":[{"name":"wp","href":"https:\/\/api.w.org\/{rel}","templated":true}]}}