{"id":4,"date":"2014-05-18T09:35:35","date_gmt":"2014-05-18T09:35:35","guid":{"rendered":"http:\/\/www.pacientesatm.com\/?page_id=4"},"modified":"2025-06-25T09:19:28","modified_gmt":"2025-06-25T09:19:28","slug":"nuestras-actividades","status":"publish","type":"page","link":"https:\/\/www.pacientesatm.com\/?page_id=4","title":{"rendered":"Nuestras actividades"},"content":{"rendered":"<p><strong>1. Funciones Informativas y de Divulgaci\u00f3n:<\/strong>\u00a0 Se ha demostrado que el conocimiento sobre una enfermedad ofrece tranquilidad y tiene un poder paliativo superior al de cualquier analg\u00e9sico. El desconocimiento de los diferentes\u00a0<strong>s\u00edntomas<\/strong>\u00a0y c\u00f3mo paliarlos produce desasosiego y\u00a0ansiedad. Nuestra Asociaci\u00f3n apoya a los enfermos y familiares de afectados ofreci\u00e9ndoles ayuda\u00a0tanto en el \u00e1mbito humano como en el informativo.<\/p>\n<p>A trav\u00e9s de nuestra Asociaci\u00f3n los pacientes pueden acceder al conocimiento de la enfermedad y al cuadro de s\u00edntomas que la acompa\u00f1an y originan dolor cr\u00f3nico. Ofrecemos informaci\u00f3n y acceso a documentaci\u00f3n sobre las <strong>ventajas y desventajas de todos los posibles tratamientos.<\/strong> Se est\u00e1n aplicando tratamientos para tratar sus diferentes s\u00edntomas: dolor cr\u00f3nico muscular cervical, craneal, facial, cervical, v\u00e9rtigo, tinitus, dificultad en los movimientos de apertura y cierre de la boca, etc.\u00a0\u00a0<br clear=\"all\" \/>En algunos casos, le podemos facilitar a los socios miembros el acceso a documentaci\u00f3n, conocimientos y art\u00edculos cient\u00edficos que le ayudar\u00e1n a entender la enfermedad que le produce <a href=\"https:\/\/www.morethandoctors.com\/dolor-cara-dolor-mandibula-facial-dolor-trigemino-dolor-neuropatico\/\">dolor cr\u00f3nico<\/a>.<\/p>\n<p><strong>2. \u00a0B\u00fasqueda, selecci\u00f3n y Cierre de Acuerdos con Profesionales m\u00e9dicos de contrastada experiencia en patolog\u00edas que provocan dolor cr\u00f3nico: <\/strong>Con car\u00e1cter prioritario como objetivo de la Asociaci\u00f3n, cada a\u00f1o se cierran acuerdos de colaboraci\u00f3n con m\u00e9dicos especialistas que quieran contribuir en la ayuda terap\u00e9utica de estas enfermedades. Asimismo, estamos tramitando acuerdos de colaboraci\u00f3n con grandes empresas de la Industria Farmac\u00e9utica que puedan ser capaces de \u00a0aportar -a trav\u00e9s de su Departamento M\u00e9dico-, nuevos avances farmacol\u00f3gicos comprobados internacionalmente en las terapias del <a title=\"Alianza contra el dolor\" href=\"https:\/\/www.morethandoctors.com\/60-de-los-pacientes-que-llegan-a-la-asociacion-espanola-de-pacientes-con-dolor-neuropatico-estan-mal-diagnosticados\/\">dolor neuropatico<\/a>.\u00a0 Apoyar la investigaci\u00f3n es nuestra prioridad n\u00famero uno.<\/p>\n<p><strong>3. Funciones de Formaci\u00f3n y Orientaci\u00f3n:<\/strong> La Asociaci\u00f3n organiza conferencias, congresos, seminarios, charlas y coloquios sobre las patolog\u00edas que originan dolor cr\u00f3nico y sus s\u00edntomas para personal cualificado, enfermos y para la poblaci\u00f3n en general. Tambi\u00e9n colabora activamente con la organizaci\u00f3n de eventos informativos sobre estas patolog\u00edas que realice cualquier hospital p\u00fablico o privado de forma legal y requiera la presencia de nuestra Asociaci\u00f3n de Pacientes.<br \/>\nFomentamos y potenciamos la investigaci\u00f3n, la divulgaci\u00f3n de documentos existentes y de\u00a0recientes descubrimientos relacionados con esta enfermedad colaborando con las autoridades gubernamentales y especialistas m\u00e9dicos en general.<\/p>\n<p><strong>4. Funciones de Investigaci\u00f3n:<\/strong>\u00a0La Asociaci\u00f3n dona parte de sus ingresos para el desarrollo de trabajos cient\u00edficos de investigaci\u00f3n que traten de paliar el dolor neurop\u00e1tico y sus s\u00edntomas.<\/p>\n<p><strong>5. Asistencia diaria al Asociado:\u00a0<\/strong>La Asociaci\u00f3n dispone de una l\u00ednea de informaci\u00f3n para que los pacientes y sus familiares puedan\u00a0realizar cualquier\u00a0tipo de consulta. El horario de atenci\u00f3n es los viernes por la tarde, s\u00e1bados y domingos. A disposici\u00f3n de los voluntarios.<\/p>\n<p><strong>6. Acuerdos y alianzas\u00a0<\/strong>con otras Asociaciones, Federaciones\u00a0o Fundaciones de enfermos ya constituidas legalmente en Espa\u00f1a y en el extranjero, con el objetivo de realizar acciones conjuntas que puedan beneficiar a los pacientes y familiares de enfermos que sufren des\u00f3rdenes craneomandibulares,\u00a0dolor orofacial, neuralgia del trig\u00e9mino y dolor neurop\u00e1tico. Existen muchas enfermedades que presentan dicho dolor neurop\u00e1tico como uno de sus s\u00edntomas.<\/p>\n<p><strong>7. Asesor\u00eda Jur\u00eddica\u00a0LABORAL para nuestros socios. (SOLO LABORAL):\u00a0<\/strong>Son muchas las personas que sufren esta patolog\u00eda y a menudo tienen problemas laborales y\/o familiares. En muchos casos el dolor es incapacitante, afecta a su calidad de vida y les impide el desarrollo de una vida laboral, familiar y relacional normal. Esta enfermedad tiene varios grados y, en algunos casos de dolor agudo, los pacientes necesitan recurrir a la baja m\u00e9dica por incapacidad porque no pueden realizar sus funciones habituales. Los socios que lo necesiten pueden recurrir a una primera consulta gratuita y sin compromiso con nuestro servicio de Asesor\u00eda Jur\u00eddica Laboral. Nuestra Asociaci\u00f3n ha establecido acuerdos para ofrecer este servicio con una red de los mejores despachos de abogados expertos en derecho laboral.<\/p>\n<p><strong>8.<\/strong> En AEPA ATM somos conscientes de que algunas familias necesitan <strong>servicios personalizados de ayuda a domicilio<\/strong> para labores dom\u00e9sticas y otras tareas. AEPA ATM puede incluir este Servicio de ayuda a precios m\u00e1s reducidos que las agencias tradicionales.<\/p>\n","protected":false},"excerpt":{"rendered":"<p>1. Funciones Informativas y de Divulgaci\u00f3n:\u00a0 Se ha demostrado que el conocimiento sobre una enfermedad ofrece tranquilidad y tiene un poder paliativo superior al de cualquier analg\u00e9sico. El desconocimiento de los diferentes\u00a0s\u00edntomas\u00a0y c\u00f3mo paliarlos produce desasosiego y\u00a0ansiedad. Nuestra Asociaci\u00f3n apoya<span class=\"ellipsis\">&hellip;<\/span><\/p>\n<div class=\"read-more\"><a href=\"https:\/\/www.pacientesatm.com\/?page_id=4\">Leer m\u00e1s \u203a<\/a><\/div>\n<p><!-- end of .read-more --><\/p>\n","protected":false},"author":3,"featured_media":0,"parent":0,"menu_order":0,"comment_status":"closed","ping_status":"closed","template":"","meta":{"footnotes":""},"class_list":["post-4","page","type-page","status-publish","hentry"],"yoast_head":"<!-- This site is optimized with the Yoast SEO plugin v21.1 - https:\/\/yoast.com\/wordpress\/plugins\/seo\/ -->\n<title>Nuestras actividades - Asociaci\u00f3n Espa\u00f1ola de Pacientes con Dolor Neurop\u00e1tico<\/title>\n<meta name=\"description\" content=\"Actividades de la Asociaci\u00f3n de pacientes con dolor cr\u00f3nico, dolor neurop\u00e1tico, neuralgia del trig\u00e9mino y disfunci\u00f3n de la articulaci\u00f3n temporomandibular (ATM) que ayuda a los pacientes afectados y a sus familias.\" \/>\n<meta name=\"robots\" content=\"index, follow, max-snippet:-1, max-image-preview:large, max-video-preview:-1\" \/>\n<link rel=\"canonical\" href=\"https:\/\/www.pacientesatm.com\/?page_id=4\" \/>\n<meta property=\"og:locale\" content=\"es_ES\" \/>\n<meta property=\"og:type\" content=\"article\" \/>\n<meta property=\"og:title\" content=\"Nuestras actividades - Asociaci\u00f3n Espa\u00f1ola de Pacientes con Dolor Neurop\u00e1tico\" \/>\n<meta property=\"og:description\" content=\"Actividades de la Asociaci\u00f3n de pacientes con dolor cr\u00f3nico, dolor neurop\u00e1tico, neuralgia del trig\u00e9mino y disfunci\u00f3n de la articulaci\u00f3n temporomandibular (ATM) que ayuda a los pacientes afectados y a sus familias.\" \/>\n<meta property=\"og:url\" content=\"https:\/\/www.pacientesatm.com\/?page_id=4\" \/>\n<meta property=\"og:site_name\" content=\"Asociaci\u00f3n Espa\u00f1ola de Pacientes con Dolor Neurop\u00e1tico\" \/>\n<meta property=\"article:publisher\" content=\"https:\/\/www.facebook.com\/dolorneuropatico\" \/>\n<meta property=\"article:modified_time\" content=\"2025-06-25T09:19:28+00:00\" \/>\n<meta property=\"og:image\" content=\"https:\/\/www.pacientesatm.com\/wp-content\/uploads\/2022\/10\/Logo_alianzadolor2022_fondotransparente.png\" \/>\n\t<meta property=\"og:image:width\" content=\"709\" \/>\n\t<meta property=\"og:image:height\" content=\"709\" \/>\n\t<meta property=\"og:image:type\" content=\"image\/png\" \/>\n<meta name=\"twitter:card\" content=\"summary_large_image\" \/>\n<meta name=\"twitter:site\" content=\"@AlianzaDolor\" \/>\n<meta name=\"twitter:label1\" content=\"Tiempo de lectura\" \/>\n\t<meta name=\"twitter:data1\" content=\"3 minutos\" \/>\n<script type=\"application\/ld+json\" class=\"yoast-schema-graph\">{\"@context\":\"https:\/\/schema.org\",\"@graph\":[{\"@type\":\"NewsArticle\",\"@id\":\"https:\/\/www.pacientesatm.com\/?page_id=4#article\",\"isPartOf\":{\"@id\":\"https:\/\/www.pacientesatm.com\/?page_id=4\"},\"author\":{\"name\":\"Ignacio del Rio\",\"@id\":\"https:\/\/www.pacientesatm.com\/#\/schema\/person\/b2abb3172d8c79abb77ae65f95c64582\"},\"headline\":\"Nuestras actividades\",\"datePublished\":\"2014-05-18T09:35:35+00:00\",\"dateModified\":\"2025-06-25T09:19:28+00:00\",\"mainEntityOfPage\":{\"@id\":\"https:\/\/www.pacientesatm.com\/?page_id=4\"},\"wordCount\":724,\"publisher\":{\"@id\":\"https:\/\/www.pacientesatm.com\/#organization\"},\"inLanguage\":\"es\"},{\"@type\":[\"WebPage\",\"MedicalWebPage\"],\"@id\":\"https:\/\/www.pacientesatm.com\/?page_id=4\",\"url\":\"https:\/\/www.pacientesatm.com\/?page_id=4\",\"name\":\"Nuestras actividades - Asociaci\u00f3n Espa\u00f1ola de Pacientes con Dolor Neurop\u00e1tico\",\"isPartOf\":{\"@id\":\"https:\/\/www.pacientesatm.com\/#website\"},\"datePublished\":\"2014-05-18T09:35:35+00:00\",\"dateModified\":\"2025-06-25T09:19:28+00:00\",\"description\":\"Actividades de la Asociaci\u00f3n de pacientes con dolor cr\u00f3nico, dolor neurop\u00e1tico, neuralgia del trig\u00e9mino y disfunci\u00f3n de la articulaci\u00f3n temporomandibular (ATM) que ayuda a los pacientes afectados y a sus familias.\",\"breadcrumb\":{\"@id\":\"https:\/\/www.pacientesatm.com\/?page_id=4#breadcrumb\"},\"inLanguage\":\"es\",\"potentialAction\":[{\"@type\":\"ReadAction\",\"target\":[\"https:\/\/www.pacientesatm.com\/?page_id=4\"]}]},{\"@type\":\"BreadcrumbList\",\"@id\":\"https:\/\/www.pacientesatm.com\/?page_id=4#breadcrumb\",\"itemListElement\":[{\"@type\":\"ListItem\",\"position\":1,\"name\":\"Portada\",\"item\":\"https:\/\/www.pacientesatm.com\/\"},{\"@type\":\"ListItem\",\"position\":2,\"name\":\"Nuestras actividades\"}]},{\"@type\":\"WebSite\",\"@id\":\"https:\/\/www.pacientesatm.com\/#website\",\"url\":\"https:\/\/www.pacientesatm.com\/\",\"name\":\"Asociaci\u00f3n Espa\u00f1ola de Pacientes con Dolor Trig\u00e9mino\",\"description\":\"Asociaci\u00f3n Espa\u00f1ola de Pacientes con Dolor Neuropatico, Dolor Cronico y Neuralgia del Trig\u00e9mino\",\"publisher\":{\"@id\":\"https:\/\/www.pacientesatm.com\/#organization\"},\"alternateName\":\"Alianza Contra el Dolor\",\"potentialAction\":[{\"@type\":\"SearchAction\",\"target\":{\"@type\":\"EntryPoint\",\"urlTemplate\":\"https:\/\/www.pacientesatm.com\/?s={search_term_string}\"},\"query-input\":\"required name=search_term_string\"}],\"inLanguage\":\"es\"},{\"@type\":\"Organization\",\"@id\":\"https:\/\/www.pacientesatm.com\/#organization\",\"name\":\"Alianza Contra el Dolor\",\"alternateName\":\"Alianza Contra el Dolor\",\"url\":\"https:\/\/www.pacientesatm.com\/\",\"logo\":{\"@type\":\"ImageObject\",\"inLanguage\":\"es\",\"@id\":\"https:\/\/www.pacientesatm.com\/#\/schema\/logo\/image\/\",\"url\":\"https:\/\/www.pacientesatm.com\/wp-content\/uploads\/2022\/10\/Logo_alianzadolor2022_fondotransparente.png\",\"contentUrl\":\"https:\/\/www.pacientesatm.com\/wp-content\/uploads\/2022\/10\/Logo_alianzadolor2022_fondotransparente.png\",\"width\":709,\"height\":709,\"caption\":\"Alianza Contra el Dolor\"},\"image\":{\"@id\":\"https:\/\/www.pacientesatm.com\/#\/schema\/logo\/image\/\"},\"sameAs\":[\"https:\/\/www.facebook.com\/dolorneuropatico\",\"https:\/\/twitter.com\/AlianzaDolor\",\"https:\/\/www.instagram.com\/alianzacontraeldolor\",\"https:\/\/www.youtube.com\/Alianzacontraeldolor\",\"https:\/\/www.linkedin.com\/company\/alianza-contra-el-dolor\/\"]},{\"@type\":\"Person\",\"@id\":\"https:\/\/www.pacientesatm.com\/#\/schema\/person\/b2abb3172d8c79abb77ae65f95c64582\",\"name\":\"Ignacio del Rio\",\"image\":{\"@type\":\"ImageObject\",\"inLanguage\":\"es\",\"@id\":\"https:\/\/www.pacientesatm.com\/#\/schema\/person\/image\/\",\"url\":\"https:\/\/secure.gravatar.com\/avatar\/63d1fa88871c7590b4875c08cc5a5de2663b014c4e5bda3333bb9fb69bb27b0a?s=96&d=mm&r=g\",\"contentUrl\":\"https:\/\/secure.gravatar.com\/avatar\/63d1fa88871c7590b4875c08cc5a5de2663b014c4e5bda3333bb9fb69bb27b0a?s=96&d=mm&r=g\",\"caption\":\"Ignacio del Rio\"},\"url\":\"https:\/\/www.pacientesatm.com\/?author=3\"}]}<\/script>\n<!-- \/ Yoast SEO plugin. -->","yoast_head_json":{"title":"Nuestras actividades - Asociaci\u00f3n Espa\u00f1ola de Pacientes con Dolor Neurop\u00e1tico","description":"Actividades de la Asociaci\u00f3n de pacientes con dolor cr\u00f3nico, dolor neurop\u00e1tico, neuralgia del trig\u00e9mino y disfunci\u00f3n de la articulaci\u00f3n temporomandibular (ATM) que ayuda a los pacientes afectados y a sus familias.","robots":{"index":"index","follow":"follow","max-snippet":"max-snippet:-1","max-image-preview":"max-image-preview:large","max-video-preview":"max-video-preview:-1"},"canonical":"https:\/\/www.pacientesatm.com\/?page_id=4","og_locale":"es_ES","og_type":"article","og_title":"Nuestras actividades - Asociaci\u00f3n Espa\u00f1ola de Pacientes con Dolor Neurop\u00e1tico","og_description":"Actividades de la Asociaci\u00f3n de pacientes con dolor cr\u00f3nico, dolor neurop\u00e1tico, neuralgia del trig\u00e9mino y disfunci\u00f3n de la articulaci\u00f3n temporomandibular (ATM) que ayuda a los pacientes afectados y a sus familias.","og_url":"https:\/\/www.pacientesatm.com\/?page_id=4","og_site_name":"Asociaci\u00f3n Espa\u00f1ola de Pacientes con Dolor Neurop\u00e1tico","article_publisher":"https:\/\/www.facebook.com\/dolorneuropatico","article_modified_time":"2025-06-25T09:19:28+00:00","og_image":[{"width":709,"height":709,"url":"https:\/\/www.pacientesatm.com\/wp-content\/uploads\/2022\/10\/Logo_alianzadolor2022_fondotransparente.png","type":"image\/png"}],"twitter_card":"summary_large_image","twitter_site":"@AlianzaDolor","twitter_misc":{"Tiempo de lectura":"3 minutos"},"schema":{"@context":"https:\/\/schema.org","@graph":[{"@type":"NewsArticle","@id":"https:\/\/www.pacientesatm.com\/?page_id=4#article","isPartOf":{"@id":"https:\/\/www.pacientesatm.com\/?page_id=4"},"author":{"name":"Ignacio del Rio","@id":"https:\/\/www.pacientesatm.com\/#\/schema\/person\/b2abb3172d8c79abb77ae65f95c64582"},"headline":"Nuestras actividades","datePublished":"2014-05-18T09:35:35+00:00","dateModified":"2025-06-25T09:19:28+00:00","mainEntityOfPage":{"@id":"https:\/\/www.pacientesatm.com\/?page_id=4"},"wordCount":724,"publisher":{"@id":"https:\/\/www.pacientesatm.com\/#organization"},"inLanguage":"es"},{"@type":["WebPage","MedicalWebPage"],"@id":"https:\/\/www.pacientesatm.com\/?page_id=4","url":"https:\/\/www.pacientesatm.com\/?page_id=4","name":"Nuestras actividades - Asociaci\u00f3n Espa\u00f1ola de Pacientes con Dolor Neurop\u00e1tico","isPartOf":{"@id":"https:\/\/www.pacientesatm.com\/#website"},"datePublished":"2014-05-18T09:35:35+00:00","dateModified":"2025-06-25T09:19:28+00:00","description":"Actividades de la Asociaci\u00f3n de pacientes con dolor cr\u00f3nico, dolor neurop\u00e1tico, neuralgia del trig\u00e9mino y disfunci\u00f3n de la articulaci\u00f3n temporomandibular (ATM) que ayuda a los pacientes afectados y a sus familias.","breadcrumb":{"@id":"https:\/\/www.pacientesatm.com\/?page_id=4#breadcrumb"},"inLanguage":"es","potentialAction":[{"@type":"ReadAction","target":["https:\/\/www.pacientesatm.com\/?page_id=4"]}]},{"@type":"BreadcrumbList","@id":"https:\/\/www.pacientesatm.com\/?page_id=4#breadcrumb","itemListElement":[{"@type":"ListItem","position":1,"name":"Portada","item":"https:\/\/www.pacientesatm.com\/"},{"@type":"ListItem","position":2,"name":"Nuestras actividades"}]},{"@type":"WebSite","@id":"https:\/\/www.pacientesatm.com\/#website","url":"https:\/\/www.pacientesatm.com\/","name":"Asociaci\u00f3n Espa\u00f1ola de Pacientes con Dolor Trig\u00e9mino","description":"Asociaci\u00f3n Espa\u00f1ola de Pacientes con Dolor Neuropatico, Dolor Cronico y Neuralgia del Trig\u00e9mino","publisher":{"@id":"https:\/\/www.pacientesatm.com\/#organization"},"alternateName":"Alianza Contra el Dolor","potentialAction":[{"@type":"SearchAction","target":{"@type":"EntryPoint","urlTemplate":"https:\/\/www.pacientesatm.com\/?s={search_term_string}"},"query-input":"required name=search_term_string"}],"inLanguage":"es"},{"@type":"Organization","@id":"https:\/\/www.pacientesatm.com\/#organization","name":"Alianza Contra el Dolor","alternateName":"Alianza Contra el Dolor","url":"https:\/\/www.pacientesatm.com\/","logo":{"@type":"ImageObject","inLanguage":"es","@id":"https:\/\/www.pacientesatm.com\/#\/schema\/logo\/image\/","url":"https:\/\/www.pacientesatm.com\/wp-content\/uploads\/2022\/10\/Logo_alianzadolor2022_fondotransparente.png","contentUrl":"https:\/\/www.pacientesatm.com\/wp-content\/uploads\/2022\/10\/Logo_alianzadolor2022_fondotransparente.png","width":709,"height":709,"caption":"Alianza Contra el Dolor"},"image":{"@id":"https:\/\/www.pacientesatm.com\/#\/schema\/logo\/image\/"},"sameAs":["https:\/\/www.facebook.com\/dolorneuropatico","https:\/\/twitter.com\/AlianzaDolor","https:\/\/www.instagram.com\/alianzacontraeldolor","https:\/\/www.youtube.com\/Alianzacontraeldolor","https:\/\/www.linkedin.com\/company\/alianza-contra-el-dolor\/"]},{"@type":"Person","@id":"https:\/\/www.pacientesatm.com\/#\/schema\/person\/b2abb3172d8c79abb77ae65f95c64582","name":"Ignacio del Rio","image":{"@type":"ImageObject","inLanguage":"es","@id":"https:\/\/www.pacientesatm.com\/#\/schema\/person\/image\/","url":"https:\/\/secure.gravatar.com\/avatar\/63d1fa88871c7590b4875c08cc5a5de2663b014c4e5bda3333bb9fb69bb27b0a?s=96&d=mm&r=g","contentUrl":"https:\/\/secure.gravatar.com\/avatar\/63d1fa88871c7590b4875c08cc5a5de2663b014c4e5bda3333bb9fb69bb27b0a?s=96&d=mm&r=g","caption":"Ignacio del Rio"},"url":"https:\/\/www.pacientesatm.com\/?author=3"}]}},"_links":{"self":[{"href":"https:\/\/www.pacientesatm.com\/index.php?rest_route=\/wp\/v2\/pages\/4","targetHints":{"allow":["GET"]}}],"collection":[{"href":"https:\/\/www.pacientesatm.com\/index.php?rest_route=\/wp\/v2\/pages"}],"about":[{"href":"https:\/\/www.pacientesatm.com\/index.php?rest_route=\/wp\/v2\/types\/page"}],"author":[{"embeddable":true,"href":"https:\/\/www.pacientesatm.com\/index.php?rest_route=\/wp\/v2\/users\/3"}],"replies":[{"embeddable":true,"href":"https:\/\/www.pacientesatm.com\/index.php?rest_route=%2Fwp%2Fv2%2Fcomments&post=4"}],"version-history":[{"count":13,"href":"https:\/\/www.pacientesatm.com\/index.php?rest_route=\/wp\/v2\/pages\/4\/revisions"}],"predecessor-version":[{"id":1840,"href":"https:\/\/www.pacientesatm.com\/index.php?rest_route=\/wp\/v2\/pages\/4\/revisions\/1840"}],"wp:attachment":[{"href":"https:\/\/www.pacientesatm.com\/index.php?rest_route=%2Fwp%2Fv2%2Fmedia&parent=4"}],"curies":[{"name":"wp","href":"https:\/\/api.w.org\/{rel}","templated":true}]}}